{"id":990106257,"date":"2022-11-05T19:24:40","date_gmt":"2022-11-05T19:24:40","guid":{"rendered":"https:\/\/borzsonymentok.hu\/varhegy-359-m\/"},"modified":"2022-11-22T13:58:26","modified_gmt":"2022-11-22T13:58:26","slug":"varhegy-359-m","status":"publish","type":"page","link":"https:\/\/borzsonymentok.hu\/en\/varhegy-359-m\/","title":{"rendered":"V\u00e1rhegy 359 m"},"content":{"rendered":"<p>{&#8220;main-title&#8221;:{&#8220;component&#8221;:&#8221;hc_title&#8221;,&#8221;id&#8221;:&#8221;main-title&#8221;,&#8221;title&#8221;:&#8221;Cs\u00f3v\u00e1nyos 938 m&#8221;,&#8221;subtitle&#8221;:&#8221;Hegycs\u00facs \u00e9s kil\u00e1t\u00f3&#8221;,&#8221;title_content&#8221;:{&#8220;component&#8221;:&#8221;hc_title_image&#8221;,&#8221;id&#8221;:&#8221;title-image&#8221;,&#8221;image&#8221;:&#8221;https:\/\/borzsonymentok.hu\/wp-content\/uploads\/2022\/11\/varhegyki.jpg|533|800|990105798&#8243;,&#8221;full_screen&#8221;:false,&#8221;full_screen_height&#8221;:&#8221;&#8221;,&#8221;parallax&#8221;:false,&#8221;bleed&#8221;:&#8221;&#8221;,&#8221;ken_burn&#8221;:&#8221;&#8221;,&#8221;breadcrumbs&#8221;:true,&#8221;light&#8221;:true,&#8221;alignment&#8221;:&#8221;&#8221;}},&#8221;section_D7KYz&#8221;:{&#8220;component&#8221;:&#8221;hc_section&#8221;,&#8221;id&#8221;:&#8221;section_D7KYz&#8221;,&#8221;section_width&#8221;:&#8221;&#8221;,&#8221;animation&#8221;:&#8221;&#8221;,&#8221;animation_time&#8221;:&#8221;&#8221;,&#8221;timeline_animation&#8221;:&#8221;&#8221;,&#8221;timeline_delay&#8221;:&#8221;&#8221;,&#8221;timeline_order&#8221;:&#8221;&#8221;,&#8221;vertical_row&#8221;:&#8221;&#8221;,&#8221;css_classes&#8221;:&#8221;&#8221;,&#8221;custom_css_classes&#8221;:&#8221;&#8221;,&#8221;custom_css_styles&#8221;:&#8221;&#8221;,&#8221;section_content&#8221;:[{&#8220;component&#8221;:&#8221;hc_column&#8221;,&#8221;id&#8221;:&#8221;column_xaF2D&#8221;,&#8221;column_width&#8221;:&#8221;col-md-6&#8243;,&#8221;animation&#8221;:&#8221;&#8221;,&#8221;animation_time&#8221;:&#8221;&#8221;,&#8221;timeline_animation&#8221;:&#8221;&#8221;,&#8221;timeline_delay&#8221;:&#8221;&#8221;,&#8221;timeline_order&#8221;:&#8221;&#8221;,&#8221;css_classes&#8221;:&#8221;&#8221;,&#8221;custom_css_classes&#8221;:&#8221;&#8221;,&#8221;custom_css_styles&#8221;:&#8221;&#8221;,&#8221;main_content&#8221;:[{&#8220;component&#8221;:&#8221;hc_text_block&#8221;,&#8221;id&#8221;:&#8221;vg0Rr&#8221;,&#8221;css_classes&#8221;:&#8221;&#8221;,&#8221;custom_css_classes&#8221;:&#8221;&#8221;,&#8221;custom_css_styles&#8221;:&#8221;&#8221;,&#8221;content&#8221;:&#8221;The attraction of one of the country&#8217;s most popular hiking spots is the panoramic lookout tower built in 2020 on Castle Hill, rising above Kir\u00e1lyr\u00e9t.\\nDelivered in the fall of 2020, the lookout was established on top of the 359 m high V\u00e1r-hegy by <a href=\\\"https:\/\/www.ipolyerdo.hu\/\\\" target=\\\"_blank\\\">Ipoly Forest Co.<\/a> and <a href=\\\"https:\/\/www.termeszetjaro .hu\/hu\/\\\" target=\\\"_blank\\\">Hungarian Hikers Association<\/a> as part of the \\&#8221;Exploring the touristic product range of B\u00f6rzs\u00f6ny on foot\\&#8221; tender. \\nA hegyen a k\u00e9s\u0151 bronzkorban kisebb magaslati telep \u00e1llt, a 12-13. sz\u00e1zadban pedig egy \u00e1rokkal \u00e9s s\u00e1nccal hat\u00e1rolt f\u00f6ldv\u00e1r lehetett itt. Az el\u0151ker\u00fclt leletek szerint a hegycs\u00facs strat\u00e9giai jelent\u0151s\u00e9g\u0171 volt, hiszen t\u00f6k\u00e9letesen be lehet l\u00e1tni r\u00f3la a lent elter\u00fcl\u0151 vid\u00e9ket, tart\u00f3san nem is lakt\u00e1k a ter\u00fcletet. Ugyanez\u00e9rt lehetett t\u00f6k\u00e9letes a helysz\u00edn egy kil\u00e1t\u00f3nak is, azzal a k\u00fcl\u00f6nbs\u00e9ggel, hogy err\u0151l nem az ellens\u00e9get, hanem a B\u00f6rzs\u00f6ny hegyeit k\u00e9mlelhetj\u00fck.\\n\\nA csonka g\u00fala form\u00e1j\u00fa, fa szerkezet\u0171 torony kil\u00e1t\u00f3szintje 15 m\u00e9teres magass\u00e1gban van, ahonnan m\u00e1r k\u00e9nyelmesen \u00e1tl\u00e1tunk a f\u00e1k lombkoron\u00e1ja felett. Van is mit n\u00e9zni, hiszen csod\u00e1latos k\u00f6rpanor\u00e1ma t\u00e1rul fel el\u0151tt\u00fcnk. R\u00e1l\u00e1tunk a Magas-B\u00f6rzs\u00f6ny ikonikus hegyeire: a <a href=\\\"https:\/\/borzsonymentok.hu\/csovanyos-938-m\/\\\">Cs\u00f3v\u00e1nyos<\/a>, a Nagy-Hideg-hegy \u00e9s a Magas-Tax is beazonos\u00edthat\u00f3. D\u00e9li ir\u00e1nyban a B\u00f6rzs\u00f6ny\u00f6n t\u00fal felt\u0171nnek a Visegr\u00e1di-hegys\u00e9g vonulatai, \u00e9s j\u00f3l kivehet\u0151 a Nasz\u00e1ly jellegzetes alakja. Tiszta id\u0151ben megpillanthatjuk a Cserh\u00e1t lank\u00e1it \u00e9s a Karancsot, s\u0151t, szerencs\u00e9s esetben m\u00e9g a M\u00e1tr\u00e1t is. A hegys\u00e9gek, cs\u00facsok beazonos\u00edt\u00e1s\u00e1hoz sok seg\u00edts\u00e9get kapunk a minden ir\u00e1nyban kihelyezett, k\u00e9pes inform\u00e1ci\u00f3s t\u00e1bl\u00e1kr\u00f3l.\\n\\nA feny\u0151b\u0151l \u00e9s t\u00f6lgyb\u0151l \u00e9p\u00fclt kil\u00e1t\u00f3 els\u0151 k\u00e9t szintj\u00e9n pihen\u0151padokon f\u00fajhatjuk ki magunkat, am\u00edg fel\u00e9r\u00fcnk a 90 l\u00e9pcs\u0151fokon. A kil\u00e1t\u00f3 tetej\u00e9n egy meteorol\u00f3giai \u00e1llom\u00e1s \u00e9s egy webkamera is helyet kapott. \\nMegk\u00f6zel\u00edt\u00e9s\\nKir\u00e1lyr\u00e9t k\u00f6zponti r\u00e9sz\u00e9t\u0151l t\u00f6bb ir\u00e1nyb\u00f3l is megk\u00f6zel\u00edthetj\u00fck a kil\u00e1t\u00f3t.\\n\u00c9szak fel\u0151l a P, majd P\u25b2 jelz\u00e9st k\u00f6vetve \u00e9rj\u00fck el az \u00e9p\u00edtm\u00e9nyt (1 km, 83 m szint).\\nD\u00e9l fel\u0151l a S\u25b2, Z\u25b2 \u00fatvonalon s\u00e9t\u00e1lhatunk fel a kil\u00e1t\u00f3hoz. Egy id\u0151 ut\u00e1n a k\u00e9t \u25b2jelz\u00e9s sz\u00e9tv\u00e1lik, de mindk\u00e9t \u00fatvonal nagyj\u00e1b\u00f3l azonos t\u00e1vot \u00e9s szintet j\u00e1r be (1,4 km, 99 m).\\n<a href=\\\"https:\/\/www.termeszetjaro.hu\/hu\/poi\/kilato\/varhegy-kilato-kiralyret-\/57237660\/\\\" target=\\\"_blank\\\">Tov\u00e1bb olvasom a Term\u00e9szetj\u00e1r\u00f3 Magazinban >>><\/a>&#8220;}]},{&#8220;component&#8221;:&#8221;hc_column&#8221;,&#8221;id&#8221;:&#8221;column_1d05h&#8221;,&#8221;column_width&#8221;:&#8221;col-md-6&#8243;,&#8221;animation&#8221;:&#8221;&#8221;,&#8221;animation_time&#8221;:&#8221;&#8221;,&#8221;timeline_animation&#8221;:&#8221;&#8221;,&#8221;timeline_delay&#8221;:&#8221;&#8221;,&#8221;timeline_order&#8221;:&#8221;&#8221;,&#8221;css_classes&#8221;:&#8221;&#8221;,&#8221;custom_css_classes&#8221;:&#8221;&#8221;,&#8221;custom_css_styles&#8221;:&#8221;&#8221;,&#8221;main_content&#8221;:[{&#8220;component&#8221;:&#8221;hc_text_list&#8221;,&#8221;id&#8221;:&#8221;ugfy3&#8243;,&#8221;css_classes&#8221;:&#8221;align-right &#8220;,&#8221;custom_css_classes&#8221;:&#8221;&#8221;,&#8221;custom_css_styles&#8221;:&#8221;&#8221;,&#8221;rows&#8221;:[{&#8220;component&#8221;:&#8221;repeater_item&#8221;,&#8221;id&#8221;:&#8221;jEYJo&#8221;,&#8221;image_link&#8221;:&#8221;&#8221;,&#8221;title&#8221;:&#8221;Open&#8221;,&#8221;subtitle&#8221;:&#8221;0-24&#8243;,&#8221;extra&#8221;:&#8221;&#8221;},{&#8220;component&#8221;:&#8221;repeater_item&#8221;,&#8221;id&#8221;:&#8221;MWTOU&#8221;,&#8221;image_link&#8221;:&#8221;&#8221;,&#8221;title&#8221;:&#8221;GPS&#8221;,&#8221;subtitle&#8221;:&#8221;47.894285, 18.981374&#8243;,&#8221;extra&#8221;:&#8221;&#8221;}],&#8221;type&#8221;:&#8221;line&#8221;},{&#8220;component&#8221;:&#8221;hc_separator&#8221;,&#8221;id&#8221;:&#8221;5ZtkF&#8221;,&#8221;css_classes&#8221;:&#8221;&#8221;,&#8221;custom_css_classes&#8221;:&#8221;&#8221;,&#8221;custom_css_styles&#8221;:&#8221;&#8221;},{&#8220;component&#8221;:&#8221;hc_grid_list&#8221;,&#8221;id&#8221;:&#8221;BvAE5&#8243;,&#8221;css_classes&#8221;:&#8221;&#8221;,&#8221;custom_css_classes&#8221;:&#8221;&#8221;,&#8221;custom_css_styles&#8221;:&#8221;&#8221;,&#8221;content&#8221;:[{&#8220;component&#8221;:&#8221;hc_button&#8221;,&#8221;id&#8221;:&#8221;Snpug&#8221;,&#8221;css_classes&#8221;:&#8221;&#8221;,&#8221;custom_css_classes&#8221;:&#8221;&#8221;,&#8221;custom_css_styles&#8221;:&#8221;&#8221;,&#8221;icon&#8221;:&#8221;&#8221;,&#8221;style&#8221;:&#8221;circle-border&#8221;,&#8221;size&#8221;:&#8221;btn-sm&#8221;,&#8221;position&#8221;:&#8221;left&#8221;,&#8221;inner_animation&#8221;:true,&#8221;text&#8221;:&#8221;We need a lot of tools for our work. Be cool and help us with your donation. Click here to find out how you can help&#8221;,&#8221;link_type&#8221;:&#8221;classic&#8221;,&#8221;lightbox_animation&#8221;:&#8221;pulse&#8221;,&#8221;caption&#8221;:&#8221;&#8221;,&#8221;inner_caption&#8221;:false,&#8221;new_window&#8221;:false,&#8221;link&#8221;:&#8221;https:\/\/borzsonymentok.hu\/en\/donate\/&#8221;,&#8221;link_content&#8221;:[],&#8221;lightbox_size&#8221;:&#8221;&#8221;,&#8221;scrollbox&#8221;:false}],&#8221;column&#8221;:&#8221;1&#8243;,&#8221;column_lg&#8221;:&#8221;1&#8243;,&#8221;column_md&#8221;:&#8221;1&#8243;,&#8221;column_sm&#8221;:&#8221;1&#8243;,&#8221;margins&#8221;:&#8221;0&#8243;,&#8221;pag_type&#8221;:&#8221;&#8221;,&#8221;pag_items&#8221;:&#8221;&#8221;,&#8221;pag_animation&#8221;:&#8221;&#8221;,&#8221;pag_size&#8221;:&#8221;&#8221;,&#8221;pag_position&#8221;:&#8221;&#8221;,&#8221;lm_lazy&#8221;:false,&#8221;lm_button_text&#8221;:&#8221;&#8221;,&#8221;pag_data_options&#8221;:&#8221;&#8221;},{&#8220;component&#8221;:&#8221;hc_separator&#8221;,&#8221;id&#8221;:&#8221;gV6tn&#8221;,&#8221;css_classes&#8221;:&#8221;&#8221;,&#8221;custom_css_classes&#8221;:&#8221;&#8221;,&#8221;custom_css_styles&#8221;:&#8221;&#8221;},{&#8220;component&#8221;:&#8221;hc_text_block&#8221;,&#8221;id&#8221;:&#8221;SeglY&#8221;,&#8221;css_classes&#8221;:&#8221;align-center &#8220;,&#8221;custom_css_classes&#8221;:&#8221;&#8221;,&#8221;custom_css_styles&#8221;:&#8221;&#8221;,&#8221;content&#8221;:&#8221;<iframe src=\\\"https:\/\/www.meteoblue.com\/hu\/id%C5%91j%C3%A1r%C3%A1s\/widget\/daily\/kir%c3%a1lyr%c3%a9t_magyarorsz%c3%a1g_3050141?geoloc=fixed&#038;days=6&#038;tempunit=CELSIUS&#038;windunit=KILOMETER_PER_HOUR&#038;precipunit=MILLIMETER&#038;coloured=coloured&#038;pictoicon=0&#038;pictoicon=1&#038;maxtemperature=0&#038;maxtemperature=1&#038;mintemperature=0&#038;mintemperature=1&#038;windspeed=0&#038;windspeed=1&#038;windgust=0&#038;windgust=1&#038;winddirection=0&#038;winddirection=1&#038;uv=0&#038;humidity=0&#038;precipitation=0&#038;precipitation=1&#038;precipitationprobability=0&#038;precipitationprobability=1&#038;spot=0&#038;spot=1&#038;pressure=0&#038;layout=light\\\" frameborder=\\\"0\\\" scrolling=\\\"NO\\\" allowtransparency=\\\"true\\\" sandbox=\\\"allow-same-origin allow-scripts allow-popups allow-popups-to-escape-sandbox\\\" style=\\\"width: 324px; height: 420px\\\"><\/iframe><\/p>\n<div><center><!-- DO NOT REMOVE THIS LINK --><a href=\\\"https:\/\/www.meteoblue.com\/hu\/id%C5%91j%C3%A1r%C3%A1s\/h%C3%A9t\/kir%c3%a1lyr%c3%a9t_magyarorsz%c3%a1g_3050141?utm_source=weather_widget&#038;utm_medium=linkus&#038;utm_content=daily&#038;utm_campaign=Weather%2BWidget\\\" target=\\\"_blank\\\" rel=\\\"noopener\\\">meteoblue<\/a><\/center><\/div>\n<p>&#8220;},{&#8220;component&#8221;:&#8221;hc_text_block&#8221;,&#8221;id&#8221;:&#8221;RPr2y&#8221;,&#8221;css_classes&#8221;:&#8221;boxed-area &#8220;,&#8221;custom_css_classes&#8221;:&#8221;&#8221;,&#8221;custom_css_styles&#8221;:&#8221;&#8221;,&#8221;content&#8221;:&#8221;Useful links:\\n<a href=\\\"https:\/\/www.kiralyreti-erdei-vasut.hu\/\\\" target=\\\"_blank\\\">Kir\u00e1lyr\u00e9ti kisvas\u00fat<\/a>\\n<a href=\\\"https:\/\/www.volanbusz.hu\/hu\/menetrendek\/vonal-lista\/vonal\/?menetrend=2083\\\" target=\\\"_blank\\\">Vol\u00e1n busz menetrend<\/a>\\n<a href=\\\"https:\/\/www.dunaipoly.hu\/hu\/helyek\/bemutatohelyek\/hiuz-haz-erdei-iskola-es-latogatokozpont\\\" target=\\\"_blank\\\">Hi\u00faz H\u00e1z<\/a>\\n<a href=\\\"http:\/\/www.ipolyerdo.hu\/kiralyreti-kirandulokozpont\\\" target=\\\"_blank\\\">Ipolyerd\u0151 Kir\u00e1lyr\u00e9ti Ki\u00e1ll\u00edt\u00f3k\u00f6zpont<\/a>&#8220;}]},{&#8220;component&#8221;:&#8221;hc_column&#8221;,&#8221;id&#8221;:&#8221;column_bhQ6f&#8221;,&#8221;column_width&#8221;:&#8221;col-md-12&#8243;,&#8221;animation&#8221;:&#8221;&#8221;,&#8221;animation_time&#8221;:&#8221;&#8221;,&#8221;timeline_animation&#8221;:&#8221;&#8221;,&#8221;timeline_delay&#8221;:&#8221;&#8221;,&#8221;timeline_order&#8221;:&#8221;&#8221;,&#8221;css_classes&#8221;:&#8221;&#8221;,&#8221;custom_css_classes&#8221;:&#8221;&#8221;,&#8221;custom_css_styles&#8221;:&#8221;&#8221;,&#8221;main_content&#8221;:[{&#8220;component&#8221;:&#8221;hc_title_tag&#8221;,&#8221;id&#8221;:&#8221;Nw4vb&#8221;,&#8221;css_classes&#8221;:&#8221;&#8221;,&#8221;custom_css_classes&#8221;:&#8221;&#8221;,&#8221;custom_css_styles&#8221;:&#8221;&#8221;,&#8221;text&#8221;:&#8221;sorry, this article has only been partially translated into English&#8221;,&#8221;tag&#8221;:&#8221;h4&#8243;},{&#8220;component&#8221;:&#8221;hc_pt_slider&#8221;,&#8221;id&#8221;:&#8221;k9JpL&#8221;,&#8221;css_classes&#8221;:&#8221;&#8221;,&#8221;custom_css_classes&#8221;:&#8221;&#8221;,&#8221;custom_css_styles&#8221;:&#8221;&#8221;,&#8221;post_type_slug&#8221;:&#8221;post&#8221;,&#8221;post_type_category&#8221;:&#8221;kiralyret-en-2&#8243;,&#8221;num_items&#8221;:&#8221;3&#8243;,&#8221;slider_type&#8221;:&#8221;carousel&#8221;,&#8221;outer_arrows&#8221;:true,&#8221;visible_arrows&#8221;:true,&#8221;nav_inner&#8221;:false,&#8221;trigger&#8221;:&#8221;&#8221;,&#8221;box&#8221;:&#8221;top_icon_image&#8221;,&#8221;boxed&#8221;:true,&#8221;extra&#8221;:false,&#8221;content&#8221;:&#8221;description&#8221;,&#8221;title_length&#8221;:&#8221;&#8221;,&#8221;excerpt_length&#8221;:&#8221;&#8221;,&#8221;title_size&#8221;:&#8221;text-sm&#8221;,&#8221;custom_css&#8221;:&#8221;&#8221;,&#8221;button_text&#8221;:&#8221;&#8221;,&#8221;button_style&#8221;:&#8221;square&#8221;,&#8221;button_dimensions&#8221;:&#8221;btn-lg&#8221;,&#8221;button_animation&#8221;:false,&#8221;button_icon&#8221;:&#8221;&#8221;,&#8221;data_options&#8221;:&#8221;perView:3,perViewLg:3,perViewMd:3,perViewSm:1,perViewXs:1,arrows:true&#8221;},{&#8220;component&#8221;:&#8221;hc_text_block&#8221;,&#8221;id&#8221;:&#8221;rvNxK&#8221;,&#8221;css_classes&#8221;:&#8221;&#8221;,&#8221;custom_css_classes&#8221;:&#8221;&#8221;,&#8221;custom_css_styles&#8221;:&#8221;&#8221;,&#8221;content&#8221;:&#8221;<script type=\\\"text\/javascript\\\" src=\\\"https:\/\/www.termeszetjaro.hu\/hu\/embed\/57237660\/js?mw=false\\\"><\/script>&#8220;},{&#8220;component&#8221;:&#8221;hc_separator&#8221;,&#8221;id&#8221;:&#8221;z1i04&#8243;,&#8221;css_classes&#8221;:&#8221;&#8221;,&#8221;custom_css_classes&#8221;:&#8221;&#8221;,&#8221;custom_css_styles&#8221;:&#8221;&#8221;},{&#8220;component&#8221;:&#8221;hc_title_tag&#8221;,&#8221;id&#8221;:&#8221;2L9Rt&#8221;,&#8221;css_classes&#8221;:&#8221;&#8221;,&#8221;custom_css_classes&#8221;:&#8221;&#8221;,&#8221;custom_css_styles&#8221;:&#8221;&#8221;,&#8221;text&#8221;:&#8221;Our news regarding Kiralyret&#8221;,&#8221;tag&#8221;:&#8221;h4&#8243;}]},{&#8220;component&#8221;:&#8221;hc_column&#8221;,&#8221;id&#8221;:&#8221;column_n1fnT&#8221;,&#8221;column_width&#8221;:&#8221;col-md-12&#8243;,&#8221;animation&#8221;:&#8221;&#8221;,&#8221;animation_time&#8221;:&#8221;&#8221;,&#8221;timeline_animation&#8221;:&#8221;&#8221;,&#8221;timeline_delay&#8221;:&#8221;&#8221;,&#8221;timeline_order&#8221;:&#8221;&#8221;,&#8221;css_classes&#8221;:&#8221;&#8221;,&#8221;custom_css_classes&#8221;:&#8221;&#8221;,&#8221;custom_css_styles&#8221;:&#8221;&#8221;,&#8221;main_content&#8221;:[]}],&#8221;section_settings&#8221;:&#8221;&#8221;},&#8221;scripts&#8221;:{&#8220;pagination&#8221;:&#8221;pagination.min.js&#8221;,&#8221;glide&#8221;:&#8221;glide.min.js&#8221;},&#8221;css&#8221;:{&#8220;glide&#8221;:&#8221;css\/glide.css&#8221;,&#8221;content_box&#8221;:&#8221;css\/content-box.css&#8221;,&#8221;media_box&#8221;:&#8221;css\/media-box.css&#8221;},&#8221;css_page&#8221;:&#8221;&#8221;,&#8221;template_setting&#8221;:{},&#8221;template_setting_top&#8221;:{},&#8221;page_setting&#8221;:{&#8220;settings&#8221;:[&#8220;lock-mode-off&#8221;]}}<\/p>\n","protected":false},"excerpt":{"rendered":"<p>From the tower at the highest point of B\u00f6rzs\u00f6ny, one of the country&#8217;s most unique, mostly mountainous views is revealed.<\/p>\n","protected":false},"author":1,"featured_media":0,"parent":0,"menu_order":0,"comment_status":"closed","ping_status":"closed","template":"","meta":{"footnotes":""},"class_list":["post-990106257","page","type-page","status-publish","hentry"],"_links":{"self":[{"href":"https:\/\/borzsonymentok.hu\/en\/wp-json\/wp\/v2\/pages\/990106257","targetHints":{"allow":["GET"]}}],"collection":[{"href":"https:\/\/borzsonymentok.hu\/en\/wp-json\/wp\/v2\/pages"}],"about":[{"href":"https:\/\/borzsonymentok.hu\/en\/wp-json\/wp\/v2\/types\/page"}],"author":[{"embeddable":true,"href":"https:\/\/borzsonymentok.hu\/en\/wp-json\/wp\/v2\/users\/1"}],"replies":[{"embeddable":true,"href":"https:\/\/borzsonymentok.hu\/en\/wp-json\/wp\/v2\/comments?post=990106257"}],"version-history":[{"count":0,"href":"https:\/\/borzsonymentok.hu\/en\/wp-json\/wp\/v2\/pages\/990106257\/revisions"}],"wp:attachment":[{"href":"https:\/\/borzsonymentok.hu\/en\/wp-json\/wp\/v2\/media?parent=990106257"}],"curies":[{"name":"wp","href":"https:\/\/api.w.org\/{rel}","templated":true}]}}